{"id":34569,"date":"2021-08-04T13:32:35","date_gmt":"2021-08-04T13:32:35","guid":{"rendered":"https:\/\/www.wohngroup.de\/heinrichsquartier\/?page_id=34569"},"modified":"2025-10-28T12:21:00","modified_gmt":"2025-10-28T12:21:00","slug":"aerztehaus-gera","status":"publish","type":"page","link":"https:\/\/www.wohngroup.de\/heinrichsquartier\/aerztehaus-gera\/","title":{"rendered":"\u00c4rztehaus"},"content":{"rendered":"<section class=\"wpb-content-wrapper\"><p>[vc_row bg_check=&#8220;row-background-dark&#8220; dfd_bg_style=&#8220;image&#8220; dfd_parallax_style=&#8220;dfd_vertical_parallax&#8220; dfd_bg_image_repeat=&#8220;no-repeat&#8220; dfd_bg_image_size=&#8220;initial&#8220; dfd_parallax_sense=&#8220;55&#8243;][vc_column dfd_column_responsive_enable=&#8220;dfd-column-responsive-enable&#8220; col_shadow=&#8220;box_shadow_enable:disable|shadow_horizontal:0|shadow_vertical:15|shadow_blur:50|shadow_spread:0|box_shadow_color:rgba(0%2C0%2C0%2C0.35)&#8220; col_shadow_hover=&#8220;box_shadow_enable:disable|shadow_horizontal:0|shadow_vertical:15|shadow_blur:50|shadow_spread:0|box_shadow_color:rgba(0%2C0%2C0%2C0.35)&#8220; responsive_styles=&#8220;padding_left_mobile:20|padding_right_mobile:20&#8243;]\n\t\t\t<!-- START \u00c4rztehaus 1 REVOLUTION SLIDER 6.2.23 --><p class=\"rs-p-wp-fix\"><\/p>\n\t\t\t<rs-module-wrap id=\"rev_slider_50_1_wrapper\" data-source=\"gallery\" style=\"background:transparent;padding:0;margin:0px auto;margin-top:0;margin-bottom:0;\">\n\t\t\t\t<rs-module id=\"rev_slider_50_1\" style=\"\" data-version=\"6.2.23\">\n\t\t\t\t\t<rs-slides>\n\t\t\t\t\t\t<rs-slide data-key=\"rs-121\" data-title=\"Slide\" data-anim=\"ei:d;eo:d;s:600;r:0;t:fade;sl:d;\">\n\t\t\t\t\t\t\t<img loading=\"lazy\" decoding=\"async\" src=\"\/\/www.wohngroup.de\/heinrichsquartier\/wp-content\/uploads\/sites\/4\/2025\/07\/slider_Aerztehaus.jpg\" title=\"slider_\u00c4rztehaus\" width=\"1920\" height=\"900\" data-parallax=\"15\" class=\"rev-slidebg\" data-no-retina>\n<!--\n\t\t\t\t\t\t\t--><rs-layer\n\t\t\t\t\t\t\t\tid=\"slider-50-slide-121-layer-1\" \n\t\t\t\t\t\t\t\tdata-type=\"text\"\n\t\t\t\t\t\t\t\tdata-color=\"#ffffff||#424242||#424242||#424242\"\n\t\t\t\t\t\t\t\tdata-rsp_ch=\"on\"\n\t\t\t\t\t\t\t\tdata-xy=\"x:r,r,r,c;yo:20px,21px,30px,14px;\"\n\t\t\t\t\t\t\t\tdata-text=\"w:normal,normal,normal,nowrap;s:60,50,40,29;l:70,55,44,27;fw:700;a:right,right,right,center;\"\n\t\t\t\t\t\t\t\tdata-dim=\"w:520.986px,486.48299999999995px,357.91700000000003px,auto;h:auto,auto,98px,auto;\"\n\t\t\t\t\t\t\t\tdata-padding=\"t:5,7,5,4;r:10;b:0,5,5,5;l:10;\"\n\t\t\t\t\t\t\t\tdata-frame_1=\"st:180;sp:1300;sR:180;\"\n\t\t\t\t\t\t\t\tdata-frame_999=\"o:0;st:w;sp:1300;sR:7520;\"\n\t\t\t\t\t\t\t\tstyle=\"z-index:9;background-color:rgba(99,141,35,0);font-family:Roboto Condensed;\"\n\t\t\t\t\t\t\t>Gesundheitszentrum HeinrichsQuartier \n\t\t\t\t\t\t\t<\/rs-layer><!--\n\n\t\t\t\t\t\t\t--><rs-layer\n\t\t\t\t\t\t\t\tid=\"slider-50-slide-121-layer-3\" \n\t\t\t\t\t\t\t\tdata-type=\"text\"\n\t\t\t\t\t\t\t\tdata-color=\"#000000\"\n\t\t\t\t\t\t\t\tdata-rsp_ch=\"on\"\n\t\t\t\t\t\t\t\tdata-xy=\"x:r,r,r,c;xo:0,1px,0,4px;y:t,t,t,b;yo:221px,190px,166px,300px;\"\n\t\t\t\t\t\t\t\tdata-text=\"w:normal;s:28,23,20,16;l:32,26,19,11;a:right,center,center,center;\"\n\t\t\t\t\t\t\t\tdata-dim=\"w:490px,404px,356px,293.993px;h:49,40,34.9688px,33px;\"\n\t\t\t\t\t\t\t\tdata-padding=\"t:9,7,5,10;r:9,7,5,10;b:9,7,5,10;l:11,9,7,10;\"\n\t\t\t\t\t\t\t\tdata-frame_1=\"st:1100;sp:1450;sR:1100;\"\n\t\t\t\t\t\t\t\tdata-frame_999=\"o:0;st:w;sR:6450;\"\n\t\t\t\t\t\t\t\tstyle=\"z-index:12;background-color:#ffffff;font-family:Roboto Condensed;\"\n\t\t\t\t\t\t\t>W\u00e4rmepumpe | Aufzug | Kundenparkpl\u00e4tze   \n\t\t\t\t\t\t\t<\/rs-layer><!--\n\n\t\t\t\t\t\t\t--><rs-layer\n\t\t\t\t\t\t\t\tid=\"slider-50-slide-121-layer-5\" \n\t\t\t\t\t\t\t\tdata-type=\"text\"\n\t\t\t\t\t\t\t\tdata-color=\"#4f4b49\"\n\t\t\t\t\t\t\t\tdata-rsp_ch=\"on\"\n\t\t\t\t\t\t\t\tdata-xy=\"x:c;xo:-13px,-13px,0,0;y:m;yo:-96px,-96px,-49px,-39px;\"\n\t\t\t\t\t\t\t\tdata-text=\"s:22,18,16,14;l:25,25,23,22;ls:0px,0px,0,0;a:center;\"\n\t\t\t\t\t\t\t\tdata-padding=\"t:1;r:4;b:1;l:5;\"\n\t\t\t\t\t\t\t\tdata-frame_1=\"st:340;sp:1250;sR:340;\"\n\t\t\t\t\t\t\t\tdata-frame_999=\"o:0;st:w;sp:2000;sR:7410;\"\n\t\t\t\t\t\t\t\tstyle=\"z-index:10;background-color:#ffffff;font-family:Roboto Condensed;\"\n\t\t\t\t\t\t\t> \n\t\t\t\t\t\t\t<\/rs-layer><!--\n\n\t\t\t\t\t\t\t--><rs-layer\n\t\t\t\t\t\t\t\tid=\"slider-50-slide-121-layer-7\" \n\t\t\t\t\t\t\t\tdata-type=\"text\"\n\t\t\t\t\t\t\t\tdata-color=\"#000000\"\n\t\t\t\t\t\t\t\tdata-rsp_ch=\"on\"\n\t\t\t\t\t\t\t\tdata-xy=\"x:r,r,r,c;xo:1px,0,1px,-5px;y:t,t,t,b;yo:169px,149px,131px,337px;\"\n\t\t\t\t\t\t\t\tdata-text=\"w:nowrap,nowrap,nowrap,nowrap;s:28,23,20,16;l:32,26,19,11;a:right,center,right,center;\"\n\t\t\t\t\t\t\t\tdata-dim=\"w:424.969px,350px,383px,317px;h:49,40,33px,33px;\"\n\t\t\t\t\t\t\t\tdata-padding=\"t:9,7,5,10;r:10,8,10,10;b:9,7,5,10;l:10,8,6,10;\"\n\t\t\t\t\t\t\t\tdata-frame_1=\"st:1100;sp:1450;sR:1100;\"\n\t\t\t\t\t\t\t\tdata-frame_999=\"o:0;st:w;sR:6450;\"\n\t\t\t\t\t\t\t\tstyle=\"z-index:11;background-color:#ffffff;font-family:Roboto Condensed;\"\n\t\t\t\t\t\t\t>Praxis\/Gewerbe im EG zu vermieten  \n\t\t\t\t\t\t\t<\/rs-layer><!--\n-->\t\t\t\t\t\t<\/rs-slide>\n\t\t\t\t\t<\/rs-slides>\n\t\t\t\t<\/rs-module>\n\t\t\t\t<script type=\"text\/javascript\">\n\t\t\t\t\tsetREVStartSize({c: 'rev_slider_50_1',rl:[1240,1024,778,480],el:[700,750,660,420],gw:[1240,1024,778,480],gh:[700,750,660,420],type:'hero',justify:'',layout:'fullwidth',mh:\"0\"});\n\t\t\t\t\tvar\trevapi50,\n\t\t\t\t\t\ttpj;\n\t\t\t\t\tfunction revinit_revslider501() {\n\t\t\t\t\tjQuery(function() {\n\t\t\t\t\t\ttpj = jQuery;\n\t\t\t\t\t\trevapi50 = tpj(\"#rev_slider_50_1\");\n\t\t\t\t\t\tif(revapi50==undefined || revapi50.revolution == undefined){\n\t\t\t\t\t\t\trevslider_showDoubleJqueryError(\"rev_slider_50_1\");\n\t\t\t\t\t\t}else{\n\t\t\t\t\t\t\trevapi50.revolution({\n\t\t\t\t\t\t\t\tsliderType:\"hero\",\n\t\t\t\t\t\t\t\tsliderLayout:\"fullwidth\",\n\t\t\t\t\t\t\t\tvisibilityLevels:\"1240,1024,778,480\",\n\t\t\t\t\t\t\t\tgridwidth:\"1240,1024,778,480\",\n\t\t\t\t\t\t\t\tgridheight:\"700,750,660,420\",\n\t\t\t\t\t\t\t\tspinner:\"spinner0\",\n\t\t\t\t\t\t\t\tperspective:600,\n\t\t\t\t\t\t\t\tperspectiveType:\"local\",\n\t\t\t\t\t\t\t\teditorheight:\"700,750,660,420\",\n\t\t\t\t\t\t\t\tresponsiveLevels:\"1240,1024,778,480\",\n\t\t\t\t\t\t\t\tprogressBar:{disableProgressBar:true},\n\t\t\t\t\t\t\t\tnavigation: {\n\t\t\t\t\t\t\t\t\tonHoverStop:false\n\t\t\t\t\t\t\t\t},\n\t\t\t\t\t\t\t\tparallax: {\n\t\t\t\t\t\t\t\t\tlevels:[5,10,15,20,25,30,35,40,45,46,47,48,49,50,51,55],\n\t\t\t\t\t\t\t\t\ttype:\"mouse\"\n\t\t\t\t\t\t\t\t},\n\t\t\t\t\t\t\t\tscrolleffect: {\n\t\t\t\t\t\t\t\t\tset:true,\n\t\t\t\t\t\t\t\t\tmultiplicator:1.3,\n\t\t\t\t\t\t\t\t\tmultiplicator_layers:1.3,\n\t\t\t\t\t\t\t\t\tdisable_onmobile:true\n\t\t\t\t\t\t\t\t},\n\t\t\t\t\t\t\t\tfallbacks: {\n\t\t\t\t\t\t\t\t\tallowHTML5AutoPlayOnAndroid:true\n\t\t\t\t\t\t\t\t},\n\t\t\t\t\t\t\t});\n\t\t\t\t\t\t}\n\t\t\t\t\t\t\n\t\t\t\t\t});\n\t\t\t\t\t} \/\/ End of RevInitScript\n\t\t\t\tvar once_revslider501 = false;\n\t\t\t\tif (document.readyState === \"loading\") {document.addEventListener('readystatechange',function() { if((document.readyState === \"interactive\" || document.readyState === \"complete\") && !once_revslider501 ) { once_revslider501 = true; revinit_revslider501();}});} else {once_revslider501 = true; revinit_revslider501();}\n\t\t\t\t<\/script>\n\t\t\t<\/rs-module-wrap>\n\t\t\t<!-- END REVOLUTION SLIDER -->\n[\/vc_column][\/vc_row][vc_row css=&#8220;.vc_custom_1613746290355{padding-top: 3% !important;padding-bottom: 3% !important;}&#8220;][vc_column][dfd_spacer screen_wide_spacer_size=&#8220;25&#8243; screen_normal_resolution=&#8220;1024&#8243; screen_tablet_resolution=&#8220;800&#8243; screen_mobile_resolution=&#8220;480&#8243; screen_normal_spacer_size=&#8220;15&#8243; screen_tablet_spacer_size=&#8220;10&#8243; screen_mobile_spacer_size=&#8220;5&#8243;][vc_column_text]<\/p>\n<h1 style=\"text-align: center;\">Praxis | Gewerbe | Apotheke<\/h1>\n<h2 style=\"text-align: center;\">Gesundheitszentrum HeinrichsQuartier<\/h2>\n<p>[\/vc_column_text][dfd_spacer screen_wide_spacer_size=&#8220;25&#8243; screen_normal_resolution=&#8220;1024&#8243; screen_tablet_resolution=&#8220;800&#8243; screen_mobile_resolution=&#8220;480&#8243; screen_normal_spacer_size=&#8220;15&#8243; screen_tablet_spacer_size=&#8220;10&#8243; screen_mobile_spacer_size=&#8220;5&#8243;][vc_row_inner][vc_column_inner width=&#8220;1\/2&#8243;][dfd_spacer screen_wide_spacer_size=&#8220;10&#8243; screen_normal_resolution=&#8220;1024&#8243; screen_tablet_resolution=&#8220;800&#8243; screen_mobile_resolution=&#8220;480&#8243;][vc_column_text]Das <strong>Gesundheitszentrum HeinrichsQuartier<\/strong> komplettiert das neu erbaute Quartier an der Wei\u00dfen Elster.<\/p>\n<p>Im 1. bis 4. Obergeschoss finden Sie Fachpraxen als MVZ 5 eine <a href=\"https:\/\/www.wohngroup.de\/heinrichsquartier\/mvz_srh_gesundheitszentrum-heinrichsquartier\/\" target=\"_blank\" rel=\"noopener\">SRH Poliklinik<\/a> sowie eine Zahnartpraxis, eine Ergotherapie und ein Zentrallabor.<\/p>\n<h2>Sie haben Interesse an einer Gewerbeeinheit?<\/h2>\n<p>[\/vc_column_text][dfd_spacer screen_wide_spacer_size=&#8220;10&#8243; screen_normal_resolution=&#8220;1024&#8243; screen_tablet_resolution=&#8220;800&#8243; screen_mobile_resolution=&#8220;480&#8243;][vc_column_text]<\/p>\n<h5>Standort- und Objektmerkmale<\/h5>\n<p>[\/vc_column_text][dfd_spacer screen_wide_spacer_size=&#8220;25&#8243; screen_normal_resolution=&#8220;1024&#8243; screen_tablet_resolution=&#8220;800&#8243; screen_mobile_resolution=&#8220;480&#8243;][vc_column_text]Im Erdgeschoss wird derzeit eine Apotheke\/Praxisfl\u00e4che vermietet, bei deren Ausbau k\u00fcnftigen Mietern Mitsprache bei der Grundrissgestaltung einger\u00e4umt wird. Alternativ werden die Fl\u00e4chen zum Selbstausbau vermietet.[\/vc_column_text][vc_column_text]Im 1. bis 4. Obergeschoss befinden sich bereits verschiedene <a href=\"https:\/\/www.wohngroup.de\/heinrichsquartier\/wp-content\/uploads\/sites\/4\/2025\/01\/Gesundheitszentrum-HeinrichsQuartier3.jpg\" target=\"_blank\" rel=\"noopener\">Fachpraxen und ein Zentrallabor<\/a>.\u00a0In zwei Staffelgeschossen sind exklusive Penthouse-Wohnungen entstanden.<\/p>\n<p>Stra\u00dfenbahn- und Bushaltestelle in unmittelbarer Hausn\u00e4he, zuk\u00fcnftige Kunden-Stellpl\u00e4tzen (aktuell nicht nutzbar) und einer Tiefagarage f\u00fcr Mitarbeitende bieten Mietern, Kunden und Patienten aus dem Stadtgebiet und dar\u00fcber hinaus eine gute Verkehrsanbindung.<\/p>\n<p>Das architektonisch markante Geb\u00e4ude ist im Energiestandard KfW 55 mit erneuerbarer Energie errichtet worden.[\/vc_column_text][dfd_spacer screen_wide_spacer_size=&#8220;10&#8243; screen_normal_resolution=&#8220;1024&#8243; screen_tablet_resolution=&#8220;800&#8243; screen_mobile_resolution=&#8220;480&#8243;][\/vc_column_inner][vc_column_inner width=&#8220;1\/2&#8243;][dfd_spacer screen_wide_spacer_size=&#8220;10&#8243; screen_normal_resolution=&#8220;1024&#8243; screen_tablet_resolution=&#8220;800&#8243; screen_mobile_resolution=&#8220;480&#8243;][dfd_single_image image=&#8220;37966&#8243;][dfd_spacer screen_wide_spacer_size=&#8220;25&#8243; screen_normal_resolution=&#8220;1024&#8243; screen_tablet_resolution=&#8220;800&#8243; screen_mobile_resolution=&#8220;480&#8243;][dfd_button button_size=&#8220;dfd-button-full-width&#8220; button_text=&#8220;Mietangebot Praxis mit bis zu 6 Sprechzimmern&#8220; main_style=&#8220;style-2&#8243; undefined=&#8220;&#8220; box_shadow=&#8220;box_shadow_enable:disable|shadow_horizontal:0|shadow_vertical:15|shadow_blur:50|shadow_spread:0|box_shadow_color:rgba(0%2C0%2C0%2C0.35)&#8220; hover_box_shadow=&#8220;box_shadow_enable:disable|shadow_horizontal:0|shadow_vertical:15|shadow_blur:50|shadow_spread:0|box_shadow_color:rgba(0%2C0%2C0%2C0.35)&#8220; buttom_link_src=&#8220;url:https%3A%2F%2Fwww.immowelt.de%2Fexpose%2Ffbece8dd-107e-4f20-aeb9-e4e13f6d0186%3Fserp_view%3Dlist%26search%3DdistributionTypes%253DRent%2526estateTypes%253DOffice%2526locations%253DPOCODE597%23ln%3Dclassified_search_results%26m%3Dclassified_search_results_classified_classified_detail_L|target:_blank&#8220;][dfd_spacer screen_wide_spacer_size=&#8220;25&#8243; screen_normal_resolution=&#8220;1024&#8243; screen_tablet_resolution=&#8220;800&#8243; screen_mobile_resolution=&#8220;480&#8243;][dfd_button button_size=&#8220;dfd-button-full-width&#8220; button_text=&#8220;Mietangebot Gesundheitsnahe Dienstleistungen&#8220; main_style=&#8220;style-2&#8243; undefined=&#8220;&#8220; box_shadow=&#8220;box_shadow_enable:disable|shadow_horizontal:0|shadow_vertical:15|shadow_blur:50|shadow_spread:0|box_shadow_color:rgba(0%2C0%2C0%2C0.35)&#8220; hover_box_shadow=&#8220;box_shadow_enable:disable|shadow_horizontal:0|shadow_vertical:15|shadow_blur:50|shadow_spread:0|box_shadow_color:rgba(0%2C0%2C0%2C0.35)&#8220; buttom_link_src=&#8220;url:https%3A%2F%2Fwww.immowelt.de%2Fexpose%2Fa12c2ea9-4a97-4ea8-8bc4-1a2f3a85820b%3Fserp_view%3Dlist%26search%3DdistributionTypes%253DRent%2526estateTypes%253DOffice%2526locations%253DPOCODE597%23ln%3Dclassified_search_results%26m%3Dclassified_search_results_classified_classified_detail_L|target:_blank&#8220;][dfd_spacer screen_wide_spacer_size=&#8220;25&#8243; screen_normal_resolution=&#8220;1024&#8243; screen_tablet_resolution=&#8220;800&#8243; screen_mobile_resolution=&#8220;480&#8243;][\/vc_column_inner][\/vc_row_inner][\/vc_column][\/vc_row][vc_row dfd_row_config=&#8220;full_width_content&#8220; row_custom_paddings=&#8220;yes&#8220; css=&#8220;.vc_custom_1652898191517{padding-top: 3% !important;padding-bottom: 3% !important;background-position: center !important;background-repeat: no-repeat !important;background-size: cover !important;}&#8220;][vc_column][dfd_spacer screen_wide_spacer_size=&#8220;25&#8243; screen_normal_resolution=&#8220;1024&#8243; screen_tablet_resolution=&#8220;800&#8243; screen_mobile_resolution=&#8220;480&#8243; screen_normal_spacer_size=&#8220;20&#8243; screen_tablet_spacer_size=&#8220;10&#8243; screen_mobile_spacer_size=&#8220;5&#8243;][vc_row_inner][vc_column_inner width=&#8220;2\/3&#8243; css=&#8220;.vc_custom_1652898212974{padding-right: 5% !important;}&#8220; col_inner_shadow=&#8220;box_shadow_enable:disable|shadow_horizontal:0|shadow_vertical:15|shadow_blur:50|shadow_spread:0|box_shadow_color:rgba(0%2C0%2C0%2C0.35)&#8220; col_inner_shadow_hover=&#8220;box_shadow_enable:disable|shadow_horizontal:0|shadow_vertical:15|shadow_blur:50|shadow_spread:0|box_shadow_color:rgba(0%2C0%2C0%2C0.35)&#8220;][vc_column_text]<\/p>\n<h3 style=\"text-align: left;\">Keyfacts f\u00fcr Mietinteressenten<\/h3>\n<p>[\/vc_column_text][dfd_spacer screen_wide_spacer_size=&#8220;25&#8243; screen_normal_resolution=&#8220;1024&#8243; screen_tablet_resolution=&#8220;800&#8243; screen_mobile_resolution=&#8220;480&#8243; screen_normal_spacer_size=&#8220;15&#8243; screen_tablet_spacer_size=&#8220;10&#8243; screen_mobile_spacer_size=&#8220;5&#8243;][dfd_icon_list list_fields=&#8220;%5B%7B%22icon_type%22%3A%22selector%22%2C%22select_icon%22%3A%22dfd_icons%22%2C%22ic_dfd_icons%22%3A%22dfd-socicon-arrow-right%22%2C%22text_content%22%3A%22im%20Erdgeschoss%20stehen%20neben%20einer%20vermieteten%20Gewerbeeinheit%20205%20m%C2%B2%20Gewerbefl%C3%A4che%20zur%20Vermietung%20(Selbstausbau%20oder%20bezugsfertige%20%C3%9Cbernahme%20lt.%20Projektplanung)%22%7D%2C%7B%22icon_type%22%3A%22selector%22%2C%22select_icon%22%3A%22dfd_icons%22%2C%22ic_dfd_icons%22%3A%22dfd-socicon-arrow-right%22%2C%22text_content%22%3A%22Aufzug%20in%20alle%20Etagen%20der%20Hauses%20(krankentragetauglich)%22%7D%2C%7B%22icon_type%22%3A%22selector%22%2C%22select_icon%22%3A%22dfd_icons%22%2C%22ic_dfd_icons%22%3A%22dfd-socicon-arrow-right%22%2C%22text_content%22%3A%22zuk%C3%BCnftig%20stehen%20Kunden-Au%C3%9Fenstellpl%C3%A4tze%20%2B%20%C3%B6ffentliche%20E-Lades%C3%A4ule%20mit%20Direktzufahrt%20von%20der%20Str.%20des%20Friedens%20(derzeit%20noch%20nicht%20verf%C3%BCgbar)%20bereit%22%7D%2C%7B%22icon_type%22%3A%22selector%22%2C%22select_icon%22%3A%22dfd_icons%22%2C%22ic_dfd_icons%22%3A%22dfd-socicon-arrow-right%22%2C%22text_content%22%3A%22Tiefgarage%20f%C3%BCr%20Mieter%20und%20Mitarbeitende%20der%20Praxen%20nach%20Verf%C3%BCgbarkeit%20%22%7D%2C%7B%22icon_type%22%3A%22selector%22%2C%22select_icon%22%3A%22dfd_icons%22%2C%22ic_dfd_icons%22%3A%22dfd-socicon-arrow-right%22%2C%22text_content%22%3A%22sehr%20gute%20Lage%20an%20der%20Heinrichsbr%C3%BCcke%20(%C3%BCber%20200%20Wohnungen%20im%20HeinrichsQuartier%20inkl.%20altersgerechter%20Wohnungen%20mit%20Tagespflege)%22%7D%2C%7B%22icon_type%22%3A%22selector%22%2C%22select_icon%22%3A%22dfd_icons%22%2C%22ic_dfd_icons%22%3A%22dfd-socicon-arrow-right%22%2C%22text_content%22%3A%22unweit%20des%20SRH%20Wald-Klinikums%22%7D%2C%7B%22icon_type%22%3A%22selector%22%2C%22select_icon%22%3A%22dfd_icons%22%2C%22ic_dfd_icons%22%3A%22dfd-socicon-arrow-right%22%2C%22text_content%22%3A%22%C3%96PNV%20vor%20der%20T%C3%BCr%22%7D%2C%7B%22icon_type%22%3A%22selector%22%2C%22select_icon%22%3A%22dfd_icons%22%2C%22ic_dfd_icons%22%3A%22dfd-socicon-arrow-right%22%2C%22text_content%22%3A%22Energiestandard%20KfW%2055%20EE%20mit%20W%C3%A4rmepumpe%20%22%7D%5D&#8220; main_style=&#8220;style-1&#8243; font_options=&#8220;tag:div|font_size:17&#8243; use_google_fonts=&#8220;yes&#8220; custom_fonts=&#8220;font_family:Open%20Sans%3A300%2C300italic%2Cregular%2Citalic%2C600%2C600italic%2C700%2C700italic%2C800%2C800italic|font_style:400%20regular%3A400%3Anormal&#8220; icon_color=&#8220;#638d24&#8243;][dfd_spacer screen_wide_spacer_size=&#8220;25&#8243; screen_normal_resolution=&#8220;1024&#8243; screen_tablet_resolution=&#8220;800&#8243; screen_mobile_resolution=&#8220;480&#8243;][\/vc_column_inner][vc_column_inner width=&#8220;1\/3&#8243; col_inner_shadow=&#8220;box_shadow_enable:disable|shadow_horizontal:0|shadow_vertical:15|shadow_blur:50|shadow_spread:0|box_shadow_color:rgba(0%2C0%2C0%2C0.35)&#8220; col_inner_shadow_hover=&#8220;box_shadow_enable:disable|shadow_horizontal:0|shadow_vertical:15|shadow_blur:50|shadow_spread:0|box_shadow_color:rgba(0%2C0%2C0%2C0.35)&#8220; css=&#8220;.vc_custom_1652898378957{background-color: #f3f3f3 !important;}&#8220;][dfd_single_image image=&#8220;35595&#8243; enable_link=&#8220;yes&#8220;][vc_column_text css=&#8220;.vc_custom_1747642445857{padding-top: 50px !important;padding-right: 30px !important;padding-bottom: 50px !important;padding-left: 30px !important;}&#8220;]<\/p>\n<h4>Kontakt<\/h4>\n<p>Wohngroup Bautr\u00e4ger GmbH &amp; Co. KG<strong><br \/>\n<\/strong>Lortzingstra\u00dfe 19<br \/>\n07548 Gera<\/p>\n<h4>Ihre Ansprechpartnerin<\/h4>\n<p>Sabine Papajewski<br \/>\nB\u00fcro: +49 365 8552 9890<br \/>\nMobil: +49 174 390 32 17<br \/>\nE-Mail:\u00a0 <a href=\"mailto:papajewski@wohngroup.de\" target=\"_blank\" rel=\"noopener\">papajewski@wohngroup.de<\/a>[\/vc_column_text][\/vc_column_inner][\/vc_row_inner][vc_row_inner][vc_column_inner][dfd_spacer screen_wide_spacer_size=&#8220;25&#8243; screen_normal_resolution=&#8220;1024&#8243; screen_tablet_resolution=&#8220;800&#8243; screen_mobile_resolution=&#8220;480&#8243; screen_normal_spacer_size=&#8220;10&#8243; screen_tablet_spacer_size=&#8220;10&#8243;][vc_column_text]Sie haben Interesse an einer Anmietung? Lassen Sie uns \u00fcber Ihre Vorstellungen sprechen! Anruf gen\u00fcgt oder Sie kontaktieren uns per <a href=\"https:\/\/www.wohngroup.de\/heinrichsquartier\/kontakt\/\" target=\"_blank\" rel=\"noopener\">Kontaktformular<\/a>.[\/vc_column_text][dfd_spacer screen_wide_spacer_size=&#8220;20&#8243; screen_normal_resolution=&#8220;1024&#8243; screen_tablet_resolution=&#8220;800&#8243; screen_mobile_resolution=&#8220;480&#8243;][dfd_simple_image_gallery dfd_layer_image=&#8220;36204,39209,36206&#8243; items_offset=&#8220;0&#8243; image_width=&#8220;900&#8243; image_height=&#8220;600&#8243; isotope_columns=&#8220;3&#8243; images_style=&#8220;fitRows&#8220;][\/vc_column_inner][\/vc_row_inner][\/vc_column][\/vc_row][vc_row][vc_column][\/vc_column][\/vc_row]<\/p>\n<\/section>","protected":false},"excerpt":{"rendered":"<p>[vc_row bg_check=&#8220;row-background-dark&#8220; dfd_bg_style=&#8220;image&#8220; dfd_parallax_style=&#8220;dfd_vertical_parallax&#8220; dfd_bg_image_repeat=&#8220;no-repeat&#8220; dfd_bg_image_size=&#8220;initial&#8220; dfd_parallax_sense=&#8220;55&#8243;][vc_column dfd_column_responsive_enable=&#8220;dfd-column-responsive-enable&#8220; col_shadow=&#8220;box_shadow_enable:disable|shadow_horizontal:0|shadow_vertical:15|shadow_blur:50|shadow_spread:0|box_shadow_color:rgba(0%2C0%2C0%2C0.35)&#8220; col_shadow_hover=&#8220;box_shadow_enable:disable|shadow_horizontal:0|shadow_vertical:15|shadow_blur:50|shadow_spread:0|box_shadow_color:rgba(0%2C0%2C0%2C0.35)&#8220; responsive_styles=&#8220;padding_left_mobile:20|padding_right_mobile:20&#8243;][\/vc_column][\/vc_row][vc_row css=&#8220;.vc_custom_1613746290355{padding-top: 3% !important;padding-bottom: 3% !important;}&#8220;][vc_column][dfd_spacer screen_wide_spacer_size=&#8220;25&#8243; screen_normal_resolution=&#8220;1024&#8243; screen_tablet_resolution=&#8220;800&#8243; screen_mobile_resolution=&#8220;480&#8243; screen_normal_spacer_size=&#8220;15&#8243; screen_tablet_spacer_size=&#8220;10&#8243; screen_mobile_spacer_size=&#8220;5&#8243;][vc_column_text] Praxis | Gewerbe | Apotheke Gesundheitszentrum HeinrichsQuartier<\/p>\n","protected":false},"author":17,"featured_media":0,"parent":0,"menu_order":0,"comment_status":"closed","ping_status":"closed","template":"tmp-page.php","meta":{"footnotes":""},"_links":{"self":[{"href":"https:\/\/www.wohngroup.de\/heinrichsquartier\/wp-json\/wp\/v2\/pages\/34569"}],"collection":[{"href":"https:\/\/www.wohngroup.de\/heinrichsquartier\/wp-json\/wp\/v2\/pages"}],"about":[{"href":"https:\/\/www.wohngroup.de\/heinrichsquartier\/wp-json\/wp\/v2\/types\/page"}],"author":[{"embeddable":true,"href":"https:\/\/www.wohngroup.de\/heinrichsquartier\/wp-json\/wp\/v2\/users\/17"}],"replies":[{"embeddable":true,"href":"https:\/\/www.wohngroup.de\/heinrichsquartier\/wp-json\/wp\/v2\/comments?post=34569"}],"version-history":[{"count":196,"href":"https:\/\/www.wohngroup.de\/heinrichsquartier\/wp-json\/wp\/v2\/pages\/34569\/revisions"}],"predecessor-version":[{"id":39810,"href":"https:\/\/www.wohngroup.de\/heinrichsquartier\/wp-json\/wp\/v2\/pages\/34569\/revisions\/39810"}],"wp:attachment":[{"href":"https:\/\/www.wohngroup.de\/heinrichsquartier\/wp-json\/wp\/v2\/media?parent=34569"}],"curies":[{"name":"wp","href":"https:\/\/api.w.org\/{rel}","templated":true}]}}