{"id":34548,"date":"2021-07-30T11:40:19","date_gmt":"2021-07-30T11:40:19","guid":{"rendered":"https:\/\/www.wohngroup.de\/heinrichsquartier\/?page_id=34548"},"modified":"2025-11-03T14:15:54","modified_gmt":"2025-11-03T14:15:54","slug":"altersgerechte-wohnungen-heinrichsquartier","status":"publish","type":"page","link":"https:\/\/www.wohngroup.de\/heinrichsquartier\/altersgerechte-wohnungen-heinrichsquartier\/","title":{"rendered":"Barrierearme Service-Wohnungen in Geras bester Lage"},"content":{"rendered":"<section class=\"wpb-content-wrapper\"><p>[vc_row bg_check=&#8220;row-background-dark&#8220; dfd_bg_style=&#8220;image&#8220; dfd_parallax_style=&#8220;dfd_vertical_parallax&#8220; dfd_bg_image_repeat=&#8220;no-repeat&#8220; dfd_bg_image_size=&#8220;initial&#8220; dfd_parallax_sense=&#8220;55&#8243;][vc_column dfd_column_responsive_enable=&#8220;dfd-column-responsive-enable&#8220; col_shadow=&#8220;box_shadow_enable:disable|shadow_horizontal:0|shadow_vertical:15|shadow_blur:50|shadow_spread:0|box_shadow_color:rgba(0%2C0%2C0%2C0.35)&#8220; col_shadow_hover=&#8220;box_shadow_enable:disable|shadow_horizontal:0|shadow_vertical:15|shadow_blur:50|shadow_spread:0|box_shadow_color:rgba(0%2C0%2C0%2C0.35)&#8220; responsive_styles=&#8220;padding_left_mobile:20|padding_right_mobile:20&#8243;]\n\t\t\t<!-- START Altersgerechtes Wohnen REVOLUTION SLIDER 6.2.23 --><p class=\"rs-p-wp-fix\"><\/p>\n\t\t\t<rs-module-wrap id=\"rev_slider_48_1_wrapper\" data-source=\"gallery\" style=\"background:transparent;padding:0;margin:0px auto;margin-top:0;margin-bottom:0;\">\n\t\t\t\t<rs-module id=\"rev_slider_48_1\" style=\"\" data-version=\"6.2.23\">\n\t\t\t\t\t<rs-slides>\n\t\t\t\t\t\t<rs-slide data-key=\"rs-115\" data-title=\"Slide\" data-anim=\"ei:d;eo:d;s:600;r:0;t:fade;sl:d;\">\n\t\t\t\t\t\t\t<img loading=\"lazy\" decoding=\"async\" src=\"\/\/www.wohngroup.de\/wp-content\/uploads\/sites\/4\/2021\/11\/Westansicht-2560x1600-1.jpg\" title=\"Westansicht 2560&#215;1600\" width=\"2560\" height=\"1600\" data-parallax=\"15\" class=\"rev-slidebg\" data-no-retina>\n<!--\n\t\t\t\t\t\t\t--><rs-layer\n\t\t\t\t\t\t\t\tid=\"slider-48-slide-115-layer-1\" \n\t\t\t\t\t\t\t\tdata-type=\"text\"\n\t\t\t\t\t\t\t\tdata-rsp_ch=\"on\"\n\t\t\t\t\t\t\t\tdata-xy=\"x:c;xo:0,-8px,0,0;y:m;yo:0,200px,195px,-51px;\"\n\t\t\t\t\t\t\t\tdata-text=\"s:60,50,40,34;l:70,70,55,54;fw:400,700,700,700;a:center;\"\n\t\t\t\t\t\t\t\tdata-padding=\"t:5,0,0,0;r:10,10,10,15;b:0,5,5,8;l:10,10,10,15;\"\n\t\t\t\t\t\t\t\tdata-frame_1=\"x:0,0,0,0px;y:0,0,0,0px;st:180;sp:1300;sR:180;\"\n\t\t\t\t\t\t\t\tdata-frame_999=\"o:0;st:w;sp:1300;sR:7520;\"\n\t\t\t\t\t\t\t\tstyle=\"z-index:5;background-color:#638d23;font-family:Roboto Condensed;text-transform:uppercase;\"\n\t\t\t\t\t\t\t>Service-Wohnungen \n\t\t\t\t\t\t\t<\/rs-layer><!--\n\n\t\t\t\t\t\t\t--><rs-layer\n\t\t\t\t\t\t\t\tid=\"slider-48-slide-115-layer-3\" \n\t\t\t\t\t\t\t\tdata-type=\"text\"\n\t\t\t\t\t\t\t\tdata-color=\"#4f4b49\"\n\t\t\t\t\t\t\t\tdata-rsp_ch=\"on\"\n\t\t\t\t\t\t\t\tdata-xy=\"x:c;xo:0,-13px,0,0;y:m;yo:66px,137px,243px,0;\"\n\t\t\t\t\t\t\t\tdata-text=\"w:normal;s:22,18,13,14;l:25,20,15,16;a:left,center,center,center;\"\n\t\t\t\t\t\t\t\tdata-padding=\"t:9,7,5,5;r:9,7,5,5;b:9,7,5,5;l:11,9,7,7;\"\n\t\t\t\t\t\t\t\tdata-frame_1=\"st:1100;sp:1450;sR:1100;\"\n\t\t\t\t\t\t\t\tdata-frame_999=\"o:0;st:w;sR:6450;\"\n\t\t\t\t\t\t\t\tstyle=\"z-index:7;background-color:#ffffff;font-family:Roboto Condensed;\"\n\t\t\t\t\t\t\t>barrierearm & altersgerecht | 2 - 3 Zimmer | Balkon\/Terrasse | Aufzug | Tiefgarage \n\t\t\t\t\t\t\t<\/rs-layer><!--\n\n\t\t\t\t\t\t\t--><rs-layer\n\t\t\t\t\t\t\t\tid=\"slider-48-slide-115-layer-5\" \n\t\t\t\t\t\t\t\tdata-type=\"text\"\n\t\t\t\t\t\t\t\tdata-color=\"#4f4b49\"\n\t\t\t\t\t\t\t\tdata-rsp_ch=\"on\"\n\t\t\t\t\t\t\t\tdata-xy=\"x:c;xo:-13px,-13px,0,0;y:m;yo:-96px,-96px,-49px,-39px;\"\n\t\t\t\t\t\t\t\tdata-text=\"s:22,18,16,14;l:25,25,23,22;ls:0px,0px,0,0;a:center;\"\n\t\t\t\t\t\t\t\tdata-padding=\"t:1;r:4;b:1;l:5;\"\n\t\t\t\t\t\t\t\tdata-frame_1=\"st:340;sp:1250;sR:340;\"\n\t\t\t\t\t\t\t\tdata-frame_999=\"o:0;st:w;sp:2000;sR:7410;\"\n\t\t\t\t\t\t\t\tstyle=\"z-index:6;background-color:#ffffff;font-family:Roboto Condensed;\"\n\t\t\t\t\t\t\t> \n\t\t\t\t\t\t\t<\/rs-layer><!--\n\n\t\t\t\t\t\t\t--><rs-layer\n\t\t\t\t\t\t\t\tid=\"slider-48-slide-115-layer-10\" \n\t\t\t\t\t\t\t\tdata-type=\"image\"\n\t\t\t\t\t\t\t\tdata-rsp_ch=\"on\"\n\t\t\t\t\t\t\t\tdata-xy=\"x:l,l,l,c;xo:-137px,-113px,-85px,0;yo:54px,44px,33px,57px;\"\n\t\t\t\t\t\t\t\tdata-text=\"w:normal;s:20,16,12,7;l:0,20,15,9;\"\n\t\t\t\t\t\t\t\tdata-dim=\"w:249px,205px,155px,184px;h:84px,69px,52px,62px;\"\n\t\t\t\t\t\t\t\tdata-frame_999=\"o:0;st:w;\"\n\t\t\t\t\t\t\t\tstyle=\"z-index:8;\"\n\t\t\t\t\t\t\t><img loading=\"lazy\" decoding=\"async\" src=\"\/\/www.wohngroup.de\/wp-content\/uploads\/sites\/4\/2022\/04\/Zertifikat-auf_Weiss.jpg\" width=\"249\" height=\"84\" data-no-retina> \n\t\t\t\t\t\t\t<\/rs-layer><!--\n-->\t\t\t\t\t\t<\/rs-slide>\n\t\t\t\t\t<\/rs-slides>\n\t\t\t\t<\/rs-module>\n\t\t\t\t<script type=\"text\/javascript\">\n\t\t\t\t\tsetREVStartSize({c: 'rev_slider_48_1',rl:[1240,1024,778,480],el:[775,750,660,520],gw:[1240,1024,778,480],gh:[775,750,660,520],type:'hero',justify:'',layout:'fullwidth',mh:\"0\"});\n\t\t\t\t\tvar\trevapi48,\n\t\t\t\t\t\ttpj;\n\t\t\t\t\tfunction revinit_revslider481() {\n\t\t\t\t\tjQuery(function() {\n\t\t\t\t\t\ttpj = jQuery;\n\t\t\t\t\t\trevapi48 = tpj(\"#rev_slider_48_1\");\n\t\t\t\t\t\tif(revapi48==undefined || revapi48.revolution == undefined){\n\t\t\t\t\t\t\trevslider_showDoubleJqueryError(\"rev_slider_48_1\");\n\t\t\t\t\t\t}else{\n\t\t\t\t\t\t\trevapi48.revolution({\n\t\t\t\t\t\t\t\tsliderType:\"hero\",\n\t\t\t\t\t\t\t\tsliderLayout:\"fullwidth\",\n\t\t\t\t\t\t\t\tvisibilityLevels:\"1240,1024,778,480\",\n\t\t\t\t\t\t\t\tgridwidth:\"1240,1024,778,480\",\n\t\t\t\t\t\t\t\tgridheight:\"775,750,660,520\",\n\t\t\t\t\t\t\t\tspinner:\"spinner0\",\n\t\t\t\t\t\t\t\tperspective:600,\n\t\t\t\t\t\t\t\tperspectiveType:\"local\",\n\t\t\t\t\t\t\t\teditorheight:\"775,750,660,520\",\n\t\t\t\t\t\t\t\tresponsiveLevels:\"1240,1024,778,480\",\n\t\t\t\t\t\t\t\tprogressBar:{disableProgressBar:true},\n\t\t\t\t\t\t\t\tnavigation: {\n\t\t\t\t\t\t\t\t\tonHoverStop:false\n\t\t\t\t\t\t\t\t},\n\t\t\t\t\t\t\t\tparallax: {\n\t\t\t\t\t\t\t\t\tlevels:[5,10,15,20,25,30,35,40,45,46,47,48,49,50,51,55],\n\t\t\t\t\t\t\t\t\ttype:\"mouse\"\n\t\t\t\t\t\t\t\t},\n\t\t\t\t\t\t\t\tfallbacks: {\n\t\t\t\t\t\t\t\t\tallowHTML5AutoPlayOnAndroid:true\n\t\t\t\t\t\t\t\t},\n\t\t\t\t\t\t\t});\n\t\t\t\t\t\t}\n\t\t\t\t\t\t\n\t\t\t\t\t});\n\t\t\t\t\t} \/\/ End of RevInitScript\n\t\t\t\tvar once_revslider481 = false;\n\t\t\t\tif (document.readyState === \"loading\") {document.addEventListener('readystatechange',function() { if((document.readyState === \"interactive\" || document.readyState === \"complete\") && !once_revslider481 ) { once_revslider481 = true; revinit_revslider481();}});} else {once_revslider481 = true; revinit_revslider481();}\n\t\t\t\t<\/script>\n\t\t\t<\/rs-module-wrap>\n\t\t\t<!-- END REVOLUTION SLIDER -->\n[\/vc_column][\/vc_row][vc_row css=&#8220;.vc_custom_1613746290355{padding-top: 3% !important;padding-bottom: 3% !important;}&#8220;][vc_column][vc_column_text]<\/p>\n<h2>Mietwohnungen mit hotel\u00e4hnlichem Charakter<\/h2>\n<p>[\/vc_column_text][dfd_spacer screen_wide_spacer_size=&#8220;25&#8243; screen_normal_resolution=&#8220;1024&#8243; screen_tablet_resolution=&#8220;800&#8243; screen_mobile_resolution=&#8220;480&#8243; screen_normal_spacer_size=&#8220;15&#8243; screen_tablet_spacer_size=&#8220;10&#8243; screen_mobile_spacer_size=&#8220;5&#8243;][vc_row_inner][vc_column_inner width=&#8220;1\/2&#8243;][vc_column_text]Die 78 Service-Wohnungen mit 2 bzw. 3 Zimmern und hotel\u00e4hnlichem Charakter richten sich auf Lebensbed\u00fcrfnisse im fortgeschrittenen Alter oder mit Handicap. Jede Wohnung ist barrierearm und hat Balkon oder Terrasse. Mit dem Aufzug gelangt man m\u00fchelos in jede Etage. Pkw-Pl\u00e4tze in der Tiefgarage oder in Hausn\u00e4he werden in begrenzter Zahl nach Verf\u00fcgbarkeit angeboten.<\/p>\n<p>Der Concierge ist Ansprechpartner aller Mieter und G\u00e4ste f\u00fcr Serviceleistungen wie Mittagsversorgung, Hauswirtschaftshilfe, Fahr- bzw. Besorgungsservice. Mit dem Team der <a href=\"https:\/\/www.krankenpflege-gera.de\/ueber-uns\/\" target=\"_blank\" rel=\"noopener\">Hauskrankenpflege &amp; Ergotherapie Julia Rzegotta GmbH<\/a> steht f\u00fcr ambulante Pflege ein kompetenter ortsans\u00e4ssiger Pflegedienstleister zur Seite, der gleichzeitig die Tagespflege im Erdgeschoss betreibt<\/p>\n<p>Ein Wellnessbereich im Dachgeschoss bietet allen Hausbewohnern eine Sauna und gleich daneben ein Wannenbad zur individuellen Nutzung an.<\/p>\n<p>Keine:r soll allein sein &#8211; die gro\u00dfz\u00fcgige Gemeinschaftsterrasse mit Grillplatz und der quartierseigene Gemeinschaftsgarten steht allen Bewohnern zur Verf\u00fcgung.[\/vc_column_text][dfd_spacer screen_wide_spacer_size=&#8220;25&#8243; screen_normal_resolution=&#8220;1024&#8243; screen_tablet_resolution=&#8220;800&#8243; screen_mobile_resolution=&#8220;480&#8243; screen_normal_spacer_size=&#8220;15&#8243; screen_tablet_spacer_size=&#8220;10&#8243; screen_mobile_spacer_size=&#8220;5&#8243;][vc_column_text][\/vc_column_text][dfd_spacer screen_wide_spacer_size=&#8220;25&#8243; screen_normal_resolution=&#8220;1024&#8243; screen_tablet_resolution=&#8220;800&#8243; screen_mobile_resolution=&#8220;480&#8243; screen_normal_spacer_size=&#8220;15&#8243; screen_tablet_spacer_size=&#8220;10&#8243; screen_mobile_spacer_size=&#8220;5&#8243;][vc_column_text]<\/p>\n<h2>Projektvideo<\/h2>\n<p>[\/vc_column_text][dfd_spacer screen_wide_spacer_size=&#8220;25&#8243; screen_normal_resolution=&#8220;1024&#8243; screen_tablet_resolution=&#8220;800&#8243; screen_mobile_resolution=&#8220;480&#8243; screen_normal_spacer_size=&#8220;15&#8243; screen_tablet_spacer_size=&#8220;10&#8243; screen_mobile_spacer_size=&#8220;5&#8243;][dfd_videoplayer video_link=&#8220;https:\/\/youtu.be\/jqOOYtECZhI&#8220; main_style=&#8220;style-1&#8243;][dfd_spacer screen_wide_spacer_size=&#8220;25&#8243; screen_normal_resolution=&#8220;1024&#8243; screen_tablet_resolution=&#8220;800&#8243; screen_mobile_resolution=&#8220;480&#8243; screen_normal_spacer_size=&#8220;15&#8243; screen_tablet_spacer_size=&#8220;10&#8243; screen_mobile_spacer_size=&#8220;5&#8243;][\/vc_column_inner][vc_column_inner width=&#8220;1\/2&#8243;][dfd_simple_image_gallery dfd_layer_image=&#8220;35429,34906,34901,34903,34902,34908,34900,34905&#8243; items_offset=&#8220;5&#8243; image_width=&#8220;900&#8243; image_height=&#8220;600&#8243; isotope_columns=&#8220;2&#8243; images_style=&#8220;fitRows&#8220;][dfd_spacer screen_wide_spacer_size=&#8220;60&#8243; screen_normal_resolution=&#8220;1024&#8243; screen_tablet_resolution=&#8220;800&#8243; screen_mobile_resolution=&#8220;480&#8243; screen_normal_spacer_size=&#8220;15&#8243; screen_tablet_spacer_size=&#8220;10&#8243; screen_mobile_spacer_size=&#8220;5&#8243;][vc_column_text]<\/p>\n<h2>Ausstattungsmerkmale im \u00dcberblick<\/h2>\n<ul>\n<li>barrierearme Wohnungen mit Balkon oder Terrasse, teils barrierefrei und rollstuhlgerecht<\/li>\n<li>Aufzug, behindertengerecht<\/li>\n<li>Einbauk\u00fcche<\/li>\n<li>barrierefreier Zugang von der Tiefgarage in alle Wohnetagen<\/li>\n<li>24h-Notruf<\/li>\n<li>seniorengerechtes Smart-Home-System inkl. wohnungseigenem Tablet zur Bedienung von Licht, Rolll\u00e4den und Heizung (individuell um Sprachassistenz erweiterbar)<\/li>\n<li>Schl\u00fcssellose Transponder-Schlie\u00dfanlage<\/li>\n<li>Wellnessbereich (DG) mit Sauna inkl. Ruhezone im Innen- und Au\u00dfenbereich sowie Wannenbad<\/li>\n<li>\u00c4rztehaus in der Nachbarschaft<\/li>\n<li>Ambulante Tagespflege im Erdgeschoss<\/li>\n<\/ul>\n<p>[\/vc_column_text][\/vc_column_inner][\/vc_row_inner][\/vc_column][\/vc_row][vc_row][vc_column][dfd_spacer screen_wide_spacer_size=&#8220;10&#8243; screen_normal_resolution=&#8220;1024&#8243; screen_tablet_resolution=&#8220;800&#8243; screen_mobile_resolution=&#8220;480&#8243; screen_normal_spacer_size=&#8220;10&#8243; screen_tablet_spacer_size=&#8220;10&#8243; screen_mobile_spacer_size=&#8220;5&#8243;][\/vc_column][\/vc_row][vc_row][vc_column][vc_column_text]<\/p>\n<h2>Mietinteresse<\/h2>\n<p>[\/vc_column_text][vc_column_text]Derzeit gibt es keine freie Wohnung. Gern nehmen wir Sie mit Ihrem Mietinteresse unverbindlich in unsere Warteliste auf und kontaktieren Sie, sobald es ein geeignetes Angebot gibt. Nutzen Sie das <a href=\"https:\/\/www.wohngroup.de\/heinrichsquartier\/kontakt\/\" target=\"_blank\" rel=\"noopener\">Kontaktformular<\/a>, um uns Ihre Kontaktdaten und Vorstellungen zu \u00fcbermitteln. Wir senden Ihnen das Expos\u00e9 mit weiteren Informationen zu.<\/p>\n<p>Ihren Mietvertrag schlie\u00dfen Sie direkt bei Ihrem Vermieter ab. Pflegevertr\u00e4ge und Zusatzdienstleistungen vereinbaren Sie nach Bedarf bzw. auf Wunsch direkt mit <a href=\"https:\/\/www.krankenpflege-gera.de\/ambulante-pflege\/\" target=\"_blank\" rel=\"noopener\">Ambulante Pflege \u2013 Hauskrankenpflege und Ergotherapie Rzegotta<\/a>[\/vc_column_text][\/vc_column][\/vc_row][vc_row][vc_column][dfd_spacer screen_wide_spacer_size=&#8220;60&#8243; screen_normal_resolution=&#8220;1024&#8243; screen_tablet_resolution=&#8220;800&#8243; screen_mobile_resolution=&#8220;480&#8243; screen_normal_spacer_size=&#8220;25&#8243; screen_tablet_spacer_size=&#8220;10&#8243; screen_mobile_spacer_size=&#8220;5&#8243;][\/vc_column][\/vc_row]<\/p>\n<\/section>","protected":false},"excerpt":{"rendered":"<p>[vc_row bg_check=&#8220;row-background-dark&#8220; dfd_bg_style=&#8220;image&#8220; dfd_parallax_style=&#8220;dfd_vertical_parallax&#8220; dfd_bg_image_repeat=&#8220;no-repeat&#8220; dfd_bg_image_size=&#8220;initial&#8220; dfd_parallax_sense=&#8220;55&#8243;][vc_column dfd_column_responsive_enable=&#8220;dfd-column-responsive-enable&#8220; col_shadow=&#8220;box_shadow_enable:disable|shadow_horizontal:0|shadow_vertical:15|shadow_blur:50|shadow_spread:0|box_shadow_color:rgba(0%2C0%2C0%2C0.35)&#8220; col_shadow_hover=&#8220;box_shadow_enable:disable|shadow_horizontal:0|shadow_vertical:15|shadow_blur:50|shadow_spread:0|box_shadow_color:rgba(0%2C0%2C0%2C0.35)&#8220; responsive_styles=&#8220;padding_left_mobile:20|padding_right_mobile:20&#8243;][\/vc_column][\/vc_row][vc_row css=&#8220;.vc_custom_1613746290355{padding-top: 3% !important;padding-bottom: 3% !important;}&#8220;][vc_column][vc_column_text] Mietwohnungen mit hotel\u00e4hnlichem Charakter [\/vc_column_text][dfd_spacer screen_wide_spacer_size=&#8220;25&#8243; screen_normal_resolution=&#8220;1024&#8243; screen_tablet_resolution=&#8220;800&#8243; screen_mobile_resolution=&#8220;480&#8243; screen_normal_spacer_size=&#8220;15&#8243; screen_tablet_spacer_size=&#8220;10&#8243; screen_mobile_spacer_size=&#8220;5&#8243;][vc_row_inner][vc_column_inner width=&#8220;1\/2&#8243;][vc_column_text]Die 78<\/p>\n","protected":false},"author":17,"featured_media":0,"parent":0,"menu_order":0,"comment_status":"closed","ping_status":"closed","template":"tmp-page.php","meta":{"footnotes":""},"_links":{"self":[{"href":"https:\/\/www.wohngroup.de\/heinrichsquartier\/wp-json\/wp\/v2\/pages\/34548"}],"collection":[{"href":"https:\/\/www.wohngroup.de\/heinrichsquartier\/wp-json\/wp\/v2\/pages"}],"about":[{"href":"https:\/\/www.wohngroup.de\/heinrichsquartier\/wp-json\/wp\/v2\/types\/page"}],"author":[{"embeddable":true,"href":"https:\/\/www.wohngroup.de\/heinrichsquartier\/wp-json\/wp\/v2\/users\/17"}],"replies":[{"embeddable":true,"href":"https:\/\/www.wohngroup.de\/heinrichsquartier\/wp-json\/wp\/v2\/comments?post=34548"}],"version-history":[{"count":101,"href":"https:\/\/www.wohngroup.de\/heinrichsquartier\/wp-json\/wp\/v2\/pages\/34548\/revisions"}],"predecessor-version":[{"id":39930,"href":"https:\/\/www.wohngroup.de\/heinrichsquartier\/wp-json\/wp\/v2\/pages\/34548\/revisions\/39930"}],"wp:attachment":[{"href":"https:\/\/www.wohngroup.de\/heinrichsquartier\/wp-json\/wp\/v2\/media?parent=34548"}],"curies":[{"name":"wp","href":"https:\/\/api.w.org\/{rel}","templated":true}]}}